{"id":3497,"date":"2022-08-10T11:12:47","date_gmt":"2022-08-10T14:12:47","guid":{"rendered":"https:\/\/institutosantacruz.edu.ar\/?page_id=3497"},"modified":"2022-08-23T12:16:21","modified_gmt":"2022-08-23T15:16:21","slug":"nuestra-historia-proyecto","status":"publish","type":"page","link":"https:\/\/institutosantacruz.edu.ar\/?page_id=3497","title":{"rendered":"Nuestra Historia"},"content":{"rendered":"<p>[et_pb_section fb_built=\u00bb1&#8243; admin_label=\u00bbHeader\u00bb _builder_version=\u00bb4.18.0&#8243; _module_preset=\u00bbdefault\u00bb background_color=\u00bb#f5f0eb\u00bb min_height=\u00bb60vh\u00bb custom_margin=\u00bb||||false|false\u00bb custom_padding=\u00bb||||true|false\u00bb hover_enabled=\u00bb0&#8243; global_colors_info=\u00bb{}\u00bb width=\u00bb100%\u00bb max_width=\u00bb100vw\u00bb sticky_enabled=\u00bb0&#8243;][et_pb_row column_structure=\u00bb1_2,1_2&#8243; _builder_version=\u00bb4.18.0&#8243; _module_preset=\u00bbdefault\u00bb custom_margin=\u00bb|||16%|false|false\u00bb custom_padding=\u00bb0px||0px||true|false\u00bb hover_enabled=\u00bb0&#8243; global_colors_info=\u00bb{}\u00bb height=\u00bb0vh\u00bb sticky_enabled=\u00bb0&#8243; use_custom_gutter=\u00bbon\u00bb gutter_width=\u00bb1&#8243;][et_pb_column type=\u00bb1_2&#8243; _builder_version=\u00bb4.16&#8243; _module_preset=\u00bbdefault\u00bb custom_padding=\u00bb150px||||false|false\u00bb custom_padding_tablet=\u00bb30px||||false|false\u00bb custom_padding_phone=\u00bb20px||||false|false\u00bb custom_padding_last_edited=\u00bbon|phone\u00bb global_colors_info=\u00bb{}\u00bb][et_pb_text _builder_version=\u00bb4.18.0&#8243; _module_preset=\u00bbe598b17a-9229-42f6-b238-019d6094332e\u00bb text_font_size=\u00bb2vh\u00bb header_font=\u00bbRoboto|500|||||||\u00bb header_text_color=\u00bb#000000&#8243; header_font_size=\u00bb4.5vw\u00bb header_line_height=\u00bb1.15em\u00bb custom_margin=\u00bb-32%||||false|false\u00bb hover_enabled=\u00bb0&#8243; header_font_size_tablet=\u00bb40px\u00bb header_font_size_phone=\u00bb24px\u00bb header_font_size_last_edited=\u00bbon|desktop\u00bb locked=\u00bboff\u00bb global_colors_info=\u00bb{}\u00bb sticky_enabled=\u00bb0&#8243;]<\/p>\n<h1>Nuestra\u00a0 \u00a0 \u00a0Historia\u00a0 \u00a0 \u00a0 \u00a0 \u00a0Pasionista<\/h1>\n<p>&nbsp;<\/p>\n<p>[\/et_pb_text][\/et_pb_column][et_pb_column type=\u00bb1_2&#8243; _builder_version=\u00bb4.16&#8243; _module_preset=\u00bbdefault\u00bb global_colors_info=\u00bb{}\u00bb][et_pb_slider show_arrows=\u00bboff\u00bb show_pagination=\u00bboff\u00bb _builder_version=\u00bb4.18.0&#8243; _module_preset=\u00bbdefault\u00bb background_color=\u00bbRGBA(255,255,255,0)\u00bb width=\u00bb43vw\u00bb custom_margin=\u00bb-13vh||||false|false\u00bb custom_padding=\u00bb||0px|||\u00bb auto=\u00bbon\u00bb auto_ignore_hover=\u00bbon\u00bb hover_enabled=\u00bb0&#8243; global_colors_info=\u00bb{}\u00bb sticky_enabled=\u00bb0&#8243; height=\u00bb72vh\u00bb][et_pb_slide image=\u00bbhttps:\/\/institutosantacruz.edu.ar\/wp-content\/uploads\/2020\/05\/7-Los-actos-en-la-entrada-del-salon-de-actos.jpg\u00bb _builder_version=\u00bb4.17.6&#8243; _module_preset=\u00bbdefault\u00bb global_colors_info=\u00bb{}\u00bb sticky_transition=\u00bbon\u00bb][\/et_pb_slide][et_pb_slide image=\u00bbhttps:\/\/institutosantacruz.edu.ar\/wp-content\/uploads\/2020\/05\/13-un-aula.jpg\u00bb _builder_version=\u00bb4.17.6&#8243; _module_preset=\u00bbdefault\u00bb global_colors_info=\u00bb{}\u00bb sticky_transition=\u00bbon\u00bb][\/et_pb_slide][et_pb_slide image=\u00bbhttps:\/\/institutosantacruz.edu.ar\/wp-content\/uploads\/2020\/05\/1-la-esquina-del-cole.jpg\u00bb _builder_version=\u00bb4.17.6&#8243; _module_preset=\u00bbdefault\u00bb global_colors_info=\u00bb{}\u00bb sticky_transition=\u00bbon\u00bb][\/et_pb_slide][et_pb_slide image=\u00bbhttps:\/\/institutosantacruz.edu.ar\/wp-content\/uploads\/2020\/05\/8-promoci\u00f3n-del-secundario.jpg\u00bb _builder_version=\u00bb4.17.6&#8243; _module_preset=\u00bbdefault\u00bb global_colors_info=\u00bb{}\u00bb sticky_transition=\u00bbon\u00bb][\/et_pb_slide][et_pb_slide image=\u00bbhttps:\/\/institutosantacruz.edu.ar\/wp-content\/uploads\/2020\/05\/12-la-cncha-pasando-los-a\u00f1os.jpg\u00bb _builder_version=\u00bb4.17.6&#8243; _module_preset=\u00bbdefault\u00bb global_colors_info=\u00bb{}\u00bb sticky_transition=\u00bbon\u00bb][\/et_pb_slide][\/et_pb_slider][\/et_pb_column][\/et_pb_row][\/et_pb_section][et_pb_section fb_built=\u00bb1&#8243; module_class=\u00bbet-push-sidebar\u00bb _builder_version=\u00bb4.18.0&#8243; _module_preset=\u00bbdefault\u00bb background_color=\u00bb#1a1e36&#8243; positioning=\u00bbfixed\u00bb z_index=\u00bb9999999999&#8243; width=\u00bb350px\u00bb height=\u00bb100%\u00bb custom_padding=\u00bb100px||100px||true|false\u00bb border_width_right=\u00bb2px\u00bb border_color_right=\u00bb#FFFFFF\u00bb locked=\u00bboff\u00bb global_colors_info=\u00bb{}\u00bb][et_pb_row use_custom_gutter=\u00bbon\u00bb gutter_width=\u00bb1&#8243; _builder_version=\u00bb4.18.0&#8243; _module_preset=\u00bbdefault\u00bb positioning=\u00bbabsolute\u00bb z_index=\u00bb9999999999&#8243; width=\u00bb100%\u00bb custom_padding=\u00bb0px||0px||true|false\u00bb global_colors_info=\u00bb{}\u00bb][et_pb_column type=\u00bb4_4&#8243; _builder_version=\u00bb4.18.0&#8243; _module_preset=\u00bbdefault\u00bb z_index=\u00bb9999999999&#8243; global_colors_info=\u00bb{}\u00bb][et_pb_blurb use_icon=\u00bbon\u00bb font_icon=\u00bb&#x4d;||divi||400&#8243; icon_color=\u00bb#eeeeee\u00bb icon_placement=\u00bbleft\u00bb image_icon_width=\u00bb40px\u00bb disabled_on=\u00bboff|on|on\u00bb module_class=\u00bbet-slide-push-close\u00bb _builder_version=\u00bb4.18.0&#8243; _module_preset=\u00bbdefault\u00bb transform_translate=\u00bb-10px|50px\u00bb transform_translate_linked=\u00bboff\u00bb positioning=\u00bbfixed\u00bb position_origin_f=\u00bbtop_right\u00bb z_index=\u00bb9999999999&#8243; width=\u00bb2vw\u00bb global_colors_info=\u00bb{}\u00bb][\/et_pb_blurb][et_pb_blurb title=\u00bbPlataformas Digitales\u00bb use_icon=\u00bbon\u00bb font_icon=\u00bb&#x22;||divi||400&#8243; icon_color=\u00bb#1a1e36&#8243; icon_placement=\u00bbleft\u00bb image_icon_width=\u00bb25px\u00bb module_class=\u00bbet-slide-push-toggle\u00bb _builder_version=\u00bb4.18.0&#8243; _module_preset=\u00bbdefault\u00bb header_font=\u00bbOverpass|700||on|||||\u00bb header_text_color=\u00bb#1a1e36&#8243; header_font_size=\u00bb2vh\u00bb background_color=\u00bb#eeeeee\u00bb transform_translate=\u00bb0px|125px\u00bb transform_translate_linked=\u00bboff\u00bb transform_rotate=\u00bb0deg|0deg|-90deg\u00bb transform_origin=\u00bb100%|0%\u00bb positioning=\u00bbabsolute\u00bb position_origin_a=\u00bbcenter_right\u00bb z_index=\u00bb9999999999&#8243; width=\u00bb38vh\u00bb max_width=\u00bb22vw\u00bb custom_margin=\u00bb||||false|false\u00bb custom_padding=\u00bb0.6em|1em||1em|false|true\u00bb border_radii=\u00bboff|||10px|10px\u00bb global_colors_info=\u00bb{}\u00bb][\/et_pb_blurb][et_pb_code _builder_version=\u00bb4.18.0&#8243; _module_preset=\u00bbdefault\u00bb z_index=\u00bb9999999999&#8243; global_colors_info=\u00bb{}\u00bb]<\/p>\n<style><!-- [et_pb_line_break_holder] -->#page-container, #et-main-area, .et-push-sidebar, .et-slide-push-toggle .et-pb-icon {<!-- [et_pb_line_break_holder] -->transition: all 300ms !important;<!-- [et_pb_line_break_holder] -->}<!-- [et_pb_line_break_holder] -->\/*<!-- [et_pb_line_break_holder] -->* use if using blank template with no header or footer<!-- [et_pb_line_break_holder] -->* <!-- [et_pb_line_break_holder] -->#page-container.et-push-sidebar-active {<!-- [et_pb_line_break_holder] -->margin-left: 350px;<!-- [et_pb_line_break_holder] -->}<!-- [et_pb_line_break_holder] -->*\/ <!-- [et_pb_line_break_holder] -->#page-container.et-push-sidebar-active #et-main-area {<!-- [et_pb_line_break_holder] -->margin-left: 350px;<!-- [et_pb_line_break_holder] -->} <!-- [et_pb_line_break_holder] -->.et-push-sidebar { <!-- [et_pb_line_break_holder] -->transform: translateX(-100%);<!-- [et_pb_line_break_holder] -->}<!-- [et_pb_line_break_holder] -->.et-fb .et-push-sidebar { <!-- [et_pb_line_break_holder] -->transform: translateX(0%);<!-- [et_pb_line_break_holder] -->}<!-- [et_pb_line_break_holder] -->.et-push-sidebar-active .et-push-sidebar {<!-- [et_pb_line_break_holder] -->transform: translateX(0%);<!-- [et_pb_line_break_holder] -->}<!-- [et_pb_line_break_holder] -->.et-slide-push-toggle, .et-slide-push-close {<!-- [et_pb_line_break_holder] -->cursor:pointer;<!-- [et_pb_line_break_holder] -->}<!-- [et_pb_line_break_holder] -->.et-push-sidebar-active .et-slide-push-toggle .et-pb-icon {<!-- [et_pb_line_break_holder] -->transform: rotate(180deg);<!-- [et_pb_line_break_holder] -->}<!-- [et_pb_line_break_holder] -->@media all and (max-width: 767px) {<!-- [et_pb_line_break_holder] -->.et-push-sidebar-active .et-push-sidebar {<!-- [et_pb_line_break_holder] -->overflow: scroll !important;<!-- [et_pb_line_break_holder] -->overscroll-behavior: contain;<!-- [et_pb_line_break_holder] -->}<!-- [et_pb_line_break_holder] -->#page-container.et-push-sidebar-active #et-main-area, #page-container.et-push-sidebar-active {<!-- [et_pb_line_break_holder] -->margin-left: 0px;<!-- [et_pb_line_break_holder] -->} <!-- [et_pb_line_break_holder] -->} <!-- [et_pb_line_break_holder] --><\/style>\n<p><!-- [et_pb_line_break_holder] --><script><!-- [et_pb_line_break_holder] -->(function($) {<!-- [et_pb_line_break_holder] -->$(document).ready(function(){<!-- [et_pb_line_break_holder] -->$('.et-slide-push-toggle').click(function(){<!-- [et_pb_line_break_holder] -->$('#page-container').toggleClass('et-push-sidebar-active');<!-- [et_pb_line_break_holder] -->});<!-- [et_pb_line_break_holder] -->$('.et-slide-push-close').click(function(){<!-- [et_pb_line_break_holder] -->$('#page-container').removeClass('et-push-sidebar-active');<!-- [et_pb_line_break_holder] -->}); <!-- [et_pb_line_break_holder] -->});<!-- [et_pb_line_break_holder] -->})( jQuery ); <!-- [et_pb_line_break_holder] --><\/script>[\/et_pb_code][\/et_pb_column][\/et_pb_row][et_pb_row use_custom_gutter=\u00bbon\u00bb gutter_width=\u00bb1&#8243; _builder_version=\u00bb4.18.0&#8243; _module_preset=\u00bbdefault\u00bb z_index=\u00bb9999999999&#8243; width=\u00bb100%\u00bb height=\u00bb75%\u00bb custom_padding=\u00bb12.1%|5%|12.1%|5%|true|true\u00bb global_colors_info=\u00bb{}\u00bb][et_pb_column type=\u00bb4_4&#8243; _builder_version=\u00bb4.18.0&#8243; _module_preset=\u00bbdefault\u00bb z_index=\u00bb9999999999&#8243; global_colors_info=\u00bb{}\u00bb][et_pb_text _builder_version=\u00bb4.18.0&#8243; _module_preset=\u00bbdefault\u00bb text_font=\u00bbRoboto|500|||||||\u00bb text_text_color=\u00bb#FFFFFF\u00bb text_font_size=\u00bb4vh\u00bb text_line_height=\u00bb3.5vh\u00bb z_index=\u00bb9999999999&#8243; text_orientation=\u00bbcenter\u00bb custom_margin=\u00bb0vh||3vh||false|false\u00bb global_colors_info=\u00bb{}\u00bb]<\/p>\n<p>Plataformas digitales<\/p>\n<p>[\/et_pb_text][et_pb_button button_url=\u00bbhttps:\/\/accounts.google.com\/signin\/v2\/identifier?continue=https%3A%2F%2Fmail.google.com%2Fmail%2F&#038;service=mail&#038;hd=institutosantacruz.edu.ar&#038;sacu=1&#038;flowName=GlifWebSignIn&#038;flowEntry=AddSession\u00bb url_new_window=\u00bbon\u00bb button_text=\u00bbWebmail\u00bb button_alignment=\u00bbcenter\u00bb _builder_version=\u00bb4.18.0&#8243; _module_preset=\u00bbdefault\u00bb custom_button=\u00bbon\u00bb button_text_size=\u00bb1.9vh\u00bb button_text_color=\u00bb#FFFFFF\u00bb button_bg_color=\u00bb#1c6634&#8243; button_border_width=\u00bb2px\u00bb z_index=\u00bb9999999999&#8243; custom_margin=\u00bb||||false|false\u00bb global_colors_info=\u00bb{}\u00bb][\/et_pb_button][et_pb_button button_url=\u00bbhttp:\/\/santacruzbiblioteca.blogspot.com\/\u00bb url_new_window=\u00bbon\u00bb button_text=\u00bbBiblioteca\u00bb button_alignment=\u00bbcenter\u00bb _builder_version=\u00bb4.18.0&#8243; _module_preset=\u00bbdefault\u00bb custom_button=\u00bbon\u00bb button_text_size=\u00bb1.9vh\u00bb button_text_color=\u00bb#FFFFFF\u00bb button_bg_color=\u00bb#1c6634&#8243; button_border_width=\u00bb2px\u00bb z_index=\u00bb9999999999&#8243; custom_margin=\u00bb4vh||||false|false\u00bb global_colors_info=\u00bb{}\u00bb][\/et_pb_button][et_pb_button button_url=\u00bbhttp:\/\/educandow.institutosantacruz.edu.ar\/educandow\u00bb url_new_window=\u00bbon\u00bb button_text=\u00bbEducando W\u00bb button_alignment=\u00bbcenter\u00bb _builder_version=\u00bb4.18.0&#8243; _module_preset=\u00bbdefault\u00bb custom_button=\u00bbon\u00bb button_text_size=\u00bb1.9vh\u00bb button_text_color=\u00bb#FFFFFF\u00bb button_bg_color=\u00bb#1c6634&#8243; button_border_width=\u00bb2px\u00bb z_index=\u00bb9999999999&#8243; custom_margin=\u00bb4vh||||false|false\u00bb global_colors_info=\u00bb{}\u00bb][\/et_pb_button][et_pb_button button_url=\u00bbhttps:\/\/www.santillanaconnect.com\/Account\/Login\/?wtrealm=http%3a%2f%2flms30.santillanacompartir.com%2flogin%2fcompartir%2f&#038;wreply=https%3a%2f%2flms30.santillanacompartir.com%2flogin%2fsso%2floginconnect\u00bb url_new_window=\u00bbon\u00bb button_text=\u00bbPlataforma Santillana\u00bb button_alignment=\u00bbcenter\u00bb _builder_version=\u00bb4.18.0&#8243; _module_preset=\u00bbdefault\u00bb custom_button=\u00bbon\u00bb button_text_size=\u00bb1.9vh\u00bb button_text_color=\u00bb#FFFFFF\u00bb button_bg_color=\u00bb#1c6634&#8243; button_border_width=\u00bb2px\u00bb z_index=\u00bb9999999999&#8243; custom_margin=\u00bb4vh||||false|false\u00bb global_colors_info=\u00bb{}\u00bb][\/et_pb_button][et_pb_button button_url=\u00bbhttps:\/\/classroom.google.com\/\u00bb url_new_window=\u00bbon\u00bb button_text=\u00bbPlataforma Classroom\u00bb button_alignment=\u00bbcenter\u00bb _builder_version=\u00bb4.18.0&#8243; _module_preset=\u00bbdefault\u00bb custom_button=\u00bbon\u00bb button_text_size=\u00bb1.9vh\u00bb button_text_color=\u00bb#FFFFFF\u00bb button_bg_color=\u00bb#1c6634&#8243; button_border_width=\u00bb2px\u00bb z_index=\u00bb9999999999&#8243; custom_margin=\u00bb4vh||||false|false\u00bb global_colors_info=\u00bb{}\u00bb][\/et_pb_button][\/et_pb_column][\/et_pb_row][et_pb_row column_structure=\u00bb1_2,1_2&#8243; _builder_version=\u00bb4.18.0&#8243; _module_preset=\u00bbdefault\u00bb height=\u00bb10vh\u00bb custom_margin=\u00bb2vh||||false|false\u00bb global_colors_info=\u00bb{}\u00bb][et_pb_column type=\u00bb1_2&#8243; _builder_version=\u00bb4.18.0&#8243; _module_preset=\u00bbdefault\u00bb global_colors_info=\u00bb{}\u00bb][et_pb_icon font_icon=\u00bb&#xf082;||fa||400&#8243; icon_color=\u00bb#eeeeee\u00bb icon_width=\u00bb6vh\u00bb _builder_version=\u00bb4.18.0&#8243; _module_preset=\u00bbdefault\u00bb positioning=\u00bbrelative\u00bb position_origin_a=\u00bbbottom_left\u00bb z_index=\u00bb9999999999&#8243; custom_margin=\u00bb2vh||||false|false\u00bb global_colors_info=\u00bb{}\u00bb][\/et_pb_icon][\/et_pb_column][et_pb_column type=\u00bb1_2&#8243; _builder_version=\u00bb4.18.0&#8243; _module_preset=\u00bbdefault\u00bb global_colors_info=\u00bb{}\u00bb][et_pb_icon font_icon=\u00bb&#xe09a;||divi||400&#8243; icon_color=\u00bb#eeeeee\u00bb icon_width=\u00bb6vh\u00bb _builder_version=\u00bb4.18.0&#8243; _module_preset=\u00bbdefault\u00bb positioning=\u00bbrelative\u00bb position_origin_a=\u00bbbottom_center\u00bb z_index=\u00bb9999999999&#8243; custom_margin=\u00bb2vh||||false|false\u00bb global_colors_info=\u00bb{}\u00bb][\/et_pb_icon][\/et_pb_column][\/et_pb_row][\/et_pb_section][et_pb_section fb_built=\u00bb1&#8243; admin_label=\u00bbAbout\u00bb _builder_version=\u00bb4.18.0&#8243; _module_preset=\u00bbdefault\u00bb custom_padding=\u00bb0px||0px||true|false\u00bb hover_enabled=\u00bb0&#8243; global_colors_info=\u00bb{}\u00bb sticky_enabled=\u00bb0&#8243; height=\u00bb100%\u00bb][et_pb_row column_structure=\u00bb1_2,1_2&#8243; _builder_version=\u00bb4.18.0&#8243; _module_preset=\u00bbdefault\u00bb custom_margin=\u00bb||||false|false\u00bb custom_margin_tablet=\u00bb0px||||false|false\u00bb custom_margin_last_edited=\u00bboff|desktop\u00bb custom_padding=\u00bb0px||0px||true|false\u00bb hover_enabled=\u00bb0&#8243; global_colors_info=\u00bb{}\u00bb height=\u00bb100%\u00bb sticky_enabled=\u00bb0&#8243;][et_pb_column type=\u00bb1_2&#8243; _builder_version=\u00bb4.16&#8243; _module_preset=\u00bbdefault\u00bb global_colors_info=\u00bb{}\u00bb][et_pb_image src=\u00bbhttps:\/\/institutosantacruz.edu.ar\/wp-content\/uploads\/2020\/05\/2-P.-Carlos-O\u00b4leary-con-colaboradores.jpg\u00bb title_text=\u00bbHistoria 08&#8243; align=\u00bbright\u00bb _builder_version=\u00bb4.18.0&#8243; _module_preset=\u00bbdefault\u00bb background_enable_image=\u00bboff\u00bb custom_margin=\u00bb-2vh|||-10vw|false|false\u00bb custom_padding=\u00bb0px||||false|false\u00bb hover_enabled=\u00bb0&#8243; global_colors_info=\u00bb{}\u00bb sticky_enabled=\u00bb0&#8243;][\/et_pb_image][\/et_pb_column][et_pb_column type=\u00bb1_2&#8243; _builder_version=\u00bb4.16&#8243; _module_preset=\u00bbdefault\u00bb custom_padding=\u00bb100px||30px||false|false\u00bb custom_padding_tablet=\u00bb30px||30px||true|false\u00bb custom_padding_phone=\u00bb\u00bb custom_padding_last_edited=\u00bbon|phone\u00bb global_colors_info=\u00bb{}\u00bb][et_pb_text _builder_version=\u00bb4.18.0&#8243; _module_preset=\u00bb003e9429-8e11-4d9e-968b-8881092bbf81&#8243; text_font_size=\u00bb2vh\u00bb header_2_font=\u00bbRoboto|500|||||||\u00bb header_2_text_color=\u00bb#000000&#8243; header_2_font_size=\u00bb4vh\u00bb custom_margin=\u00bb-11vh|0px||0px|false|false\u00bb custom_padding=\u00bb0px|0px|8vh|0px|false|false\u00bb hover_enabled=\u00bb0&#8243; header_2_font_size_tablet=\u00bb30px\u00bb header_2_font_size_phone=\u00bb20px\u00bb header_2_font_size_last_edited=\u00bbon|desktop\u00bb locked=\u00bboff\u00bb global_colors_info=\u00bb{}\u00bb sticky_enabled=\u00bb0&#8243;]<\/p>\n<h2>Nuestro Fundador<\/h2>\n<p>[\/et_pb_text][et_pb_text _builder_version=\u00bb4.18.0&#8243; _module_preset=\u00bbc2a3d585-c259-4e5a-8faa-710c0e634348&#8243; text_font=\u00bbRoboto|500|||||||\u00bb text_line_height=\u00bb1em\u00bb custom_margin=\u00bb0px||-5vh||false|false\u00bb custom_padding=\u00bb||0px||false|false\u00bb hover_enabled=\u00bb0&#8243; text_font_size_tablet=\u00bb15px\u00bb text_font_size_phone=\u00bb14px\u00bb text_font_size_last_edited=\u00bbon|desktop\u00bb header_font_size_tablet=\u00bb55px\u00bb header_font_size_last_edited=\u00bboff|desktop\u00bb locked=\u00bboff\u00bb global_colors_info=\u00bb{}\u00bb sticky_enabled=\u00bb0&#8243; text_font_size=\u00bb2vh\u00bb]<\/p>\n<div id=\"vitalidad\" class=\"et_pb_module et_pb_text et_pb_text_2  et_pb_text_align_left et_pb_bg_layout_light\">\n<div class=\"et_pb_text_inner\">\n<p><span>El Padre Carlos y el colegio Santa Cruz<\/span><\/p>\n<p><i><span>(s\u00edntesis de un escrito de Bernardo Hughes cp en ocasi\u00f3n de los 50 a\u00f1os del colegio)<\/span><\/i><\/p>\n<p><i><span>\u201cEn 1961 lleg\u00f3 el P. Carlos O\u00b4Leary a Santa Cruz. \u00bfQui\u00e9n era este religioso? Ten\u00eda en su haber la experiencia de nueve a\u00f1os al frente del colegio San Pablo en Capit\u00e1n Sarmiento.\u00a0 Una escuela de unos 100 chicos (entre los que me encontraba con mis trece a\u00f1os) (\u2026)\u00a0<\/span><\/i><\/p>\n<p><i><span>Cre\u00f3 sentido de cuerpo y clima m\u00e1s familiar entre los alumnos.(\u2026) Hombre de pocas palabras, trabajador incansable y expeditivo.\u00a0 Dicen que cuando miraba a los chicos del barrio San Crist\u00f3bal jugar en la canchita de Santa Cruz, coment\u00f3 alguna vez: \u201cAqu\u00ed falta una escuela para estos pibes\u201d<\/span><\/i><\/p>\n<\/div>\n<\/div>\n<div class=\"et_pb_with_border et_pb_module et_pb_slider et_pb_slider_1 et_pb_slider_fullwidth_off et_slider_auto et_slider_speed_3000 et_slide_transition_to_next et_pb_bg_layout_dark\" data-active-slide=\"et_pb_slide_2\">\n<div class=\"et_pb_slides\">\n<div class=\"et_pb_slide et_pb_slide_2 et_pb_bg_layout_dark et_pb_slide_with_image et_pb_media_alignment_center et-pb-active-slide\" data-slide-id=\"et_pb_slide_2\">\n<div class=\"et_pb_container clearfix et_pb_empty_slide\">\n<div class=\"et_pb_slider_container_inner\"><\/div>\n<\/div>\n<\/div>\n<\/div>\n<\/div>\n<p>[\/et_pb_text][\/et_pb_column][\/et_pb_row][\/et_pb_section][et_pb_section fb_built=\u00bb1&#8243; admin_label=\u00bbMission\u00bb _builder_version=\u00bb4.18.0&#8243; _module_preset=\u00bbdefault\u00bb background_color=\u00bb#f5f0eb\u00bb height=\u00bb100%\u00bb custom_padding=\u00bb||||false|false\u00bb hover_enabled=\u00bb0&#8243; global_colors_info=\u00bb{}\u00bb sticky_enabled=\u00bb0&#8243;][et_pb_row column_structure=\u00bb1_2,1_2&#8243; _builder_version=\u00bb4.16&#8243; _module_preset=\u00bbdefault\u00bb custom_padding=\u00bb||||false|false\u00bb global_colors_info=\u00bb{}\u00bb][et_pb_column type=\u00bb1_2&#8243; _builder_version=\u00bb4.16&#8243; _module_preset=\u00bbdefault\u00bb global_colors_info=\u00bb{}\u00bb][et_pb_text _builder_version=\u00bb4.18.0&#8243; _module_preset=\u00bb003e9429-8e11-4d9e-968b-8881092bbf81&#8243; text_font_size=\u00bb2vh\u00bb header_2_font=\u00bbRoboto|500|||||||\u00bb header_2_text_color=\u00bb#000000&#8243; header_2_font_size=\u00bb5vh\u00bb header_2_line_height=\u00bb1.2em\u00bb custom_margin=\u00bb||0px||false|false\u00bb custom_padding=\u00bb0px|||||\u00bb hover_enabled=\u00bb0&#8243; header_2_font_size_tablet=\u00bb30px\u00bb header_2_font_size_phone=\u00bb20px\u00bb header_2_font_size_last_edited=\u00bbon|desktop\u00bb locked=\u00bboff\u00bb global_colors_info=\u00bb{}\u00bb sticky_enabled=\u00bb0&#8243;]<\/p>\n<h2>Congregaci\u00f3n<\/h2>\n<p>[\/et_pb_text][et_pb_text _builder_version=\u00bb4.18.0&#8243; _module_preset=\u00bb7262e956-c376-4aa6-9642-c413f71527d0&#8243; text_font_size=\u00bb2vh\u00bb custom_margin=\u00bb||-3px|||\u00bb header_font_size_tablet=\u00bb55px\u00bb header_font_size_last_edited=\u00bboff|desktop\u00bb locked=\u00bboff\u00bb global_colors_info=\u00bb{}\u00bb]<\/p>\n<p><i><span>Nuestro fundador San Pablo de la Cruz (1694-1775) vivi\u00f3 en Italia. Desde ah\u00ed la Congregaci\u00f3n fue a otros lugares.<\/span><span><br \/><\/span><span>Desde Irlanda vinieron los primeros Pasionistas a la Argentina (1874).<\/span><span><br \/><\/span><span>En 1890 se empieza a construir el templo Santa Cruz. Hace m\u00e1s de 100 a\u00f1os que compartimos la vida de nuestro barrio.\u00a0<\/span><\/i><\/p>\n<p><i><span>En 1962 se inicia formalmente la vida de nuestro colegio y en 1967 se inaugura la Casa de Nazaret, espacio de encuentros y retiros.<\/span><span> Las tres instituciones junto con la casa de los religiosos pasionistas formamos parte de lo que llamamos \u201cManzana Santa Cruz\u201d.<\/span><\/i><\/p>\n<p><i><span>Hacemos memoria particular de qui\u00e9n ha sido el funddor del colegio en nombre de los Misioneros Pasionistas. Presentamos al padre Carlos O\u00b4Leary en un fraterno escrito cuyo autor es el Padre Bernardo Hughes cp.<\/span><\/i><\/p>\n<p>[\/et_pb_text][et_pb_image src=\u00bbhttps:\/\/institutosantacruz.edu.ar\/wp-content\/uploads\/2020\/07\/3-Inauguracion-del-cole.jpg\u00bb title_text=\u00bb3- Inauguracion del cole\u00bb _builder_version=\u00bb4.17.6&#8243; _module_preset=\u00bbdefault\u00bb global_colors_info=\u00bb{}\u00bb][\/et_pb_image][\/et_pb_column][et_pb_column type=\u00bb1_2&#8243; _builder_version=\u00bb4.16&#8243; _module_preset=\u00bbdefault\u00bb custom_padding=\u00bb120px||||false|false\u00bb custom_padding_tablet=\u00bb0px||||false|false\u00bb custom_padding_phone=\u00bb\u00bb custom_padding_last_edited=\u00bbon|tablet\u00bb global_colors_info=\u00bb{}\u00bb][et_pb_text _builder_version=\u00bb4.18.0&#8243; _module_preset=\u00bb003e9429-8e11-4d9e-968b-8881092bbf81&#8243; text_font_size=\u00bb2vh\u00bb header_2_font=\u00bbRoboto|500|||||||\u00bb header_2_text_color=\u00bb#000000&#8243; header_2_font_size=\u00bb5vh\u00bb header_2_line_height=\u00bb1.2em\u00bb custom_margin=\u00bb10em||0px||false|false\u00bb hover_enabled=\u00bb0&#8243; header_2_font_size_tablet=\u00bb30px\u00bb header_2_font_size_phone=\u00bb20px\u00bb header_2_font_size_last_edited=\u00bbon|desktop\u00bb locked=\u00bboff\u00bb global_colors_info=\u00bb{}\u00bb sticky_enabled=\u00bb0&#8243;]<\/p>\n<h2>Nuestra Misi\u00f3n<\/h2>\n<p>[\/et_pb_text][et_pb_text _builder_version=\u00bb4.18.0&#8243; _module_preset=\u00bb7262e956-c376-4aa6-9642-c413f71527d0&#8243; text_font_size=\u00bb2vh\u00bb header_font_size_tablet=\u00bb55px\u00bb header_font_size_last_edited=\u00bboff|desktop\u00bb locked=\u00bboff\u00bb global_colors_info=\u00bb{}\u00bb]<\/p>\n<p><i><span>Hoy, como ayer. Queremos seguir profundizando la espiritualidad pasionista como manantial de sabidur\u00eda. Por eso cuando decimos <b>EDUCAR CON PASI\u00d3N<\/b>\u00a0 estamos explicitando la intenci\u00f3n incesante de profundizar en esa espiritualidad pasionista como fuente de virtudes y fortalezas espirituales que constituyen una sabidur\u00eda de vida. Sabidur\u00eda\u00a0 susceptible de convertirse en un camino de aprendizaje para ni\u00f1os y ni\u00f1as, adolescentes y j\u00f3venes como habilidades mediadas en el aula a trav\u00e9s del curr\u00edculo escolar.<\/span><\/i><\/p>\n<p>[\/et_pb_text][et_pb_image src=\u00bbhttps:\/\/institutosantacruz.edu.ar\/wp-content\/uploads\/2021\/11\/e50a652f-d5da-45e6-b7e1-e22af9a5e450.jpg\u00bb title_text=\u00bbe50a652f-d5da-45e6-b7e1-e22af9a5e450&#8243; _builder_version=\u00bb4.17.6&#8243; _module_preset=\u00bbdefault\u00bb custom_margin=\u00bb||-96px|||\u00bb global_colors_info=\u00bb{}\u00bb][\/et_pb_image][\/et_pb_column][\/et_pb_row][\/et_pb_section][et_pb_section fb_built=\u00bb1&#8243; admin_label=\u00bbHistory\u00bb _builder_version=\u00bb4.16&#8243; _module_preset=\u00bbdefault\u00bb custom_padding=\u00bb||120px||false|false\u00bb global_colors_info=\u00bb{}\u00bb][et_pb_row _builder_version=\u00bb4.16&#8243; _module_preset=\u00bbdefault\u00bb global_colors_info=\u00bb{}\u00bb][et_pb_column type=\u00bb4_4&#8243; _builder_version=\u00bb4.16&#8243; _module_preset=\u00bbdefault\u00bb global_colors_info=\u00bb{}\u00bb][et_pb_text _builder_version=\u00bb4.18.0&#8243; _module_preset=\u00bb003e9429-8e11-4d9e-968b-8881092bbf81&#8243; text_font_size=\u00bb2vh\u00bb header_2_font=\u00bbRoboto|500|||||||\u00bb header_2_text_color=\u00bb#000000&#8243; header_2_font_size=\u00bb5vh\u00bb header_2_line_height=\u00bb1.2em\u00bb header_3_font_size=\u00bb4vh\u00bb custom_margin=\u00bb||0px||false|false\u00bb header_2_font_size_tablet=\u00bb30px\u00bb header_2_font_size_phone=\u00bb20px\u00bb header_2_font_size_last_edited=\u00bbon|desktop\u00bb header_3_font_size_tablet=\u00bb20px\u00bb header_3_font_size_phone=\u00bb16px\u00bb header_3_font_size_last_edited=\u00bbon|desktop\u00bb locked=\u00bboff\u00bb global_colors_info=\u00bb{}\u00bb]<\/p>\n<h2>Historia<\/h2>\n<p>[\/et_pb_text][\/et_pb_column][\/et_pb_row][et_pb_row column_structure=\u00bb1_2,1_2&#8243; _builder_version=\u00bb4.16&#8243; _module_preset=\u00bbdefault\u00bb custom_margin=\u00bb-31px|auto||auto||\u00bb custom_padding=\u00bb0px|||||\u00bb global_colors_info=\u00bb{}\u00bb][et_pb_column type=\u00bb1_2&#8243; _builder_version=\u00bb4.16&#8243; _module_preset=\u00bbdefault\u00bb global_colors_info=\u00bb{}\u00bb][et_pb_text _builder_version=\u00bb4.17.6&#8243; _module_preset=\u00bb0c6bc8be-1265-496d-a8dc-bc5e9a9a9edf\u00bb text_font_size=\u00bb2vh\u00bb header_font=\u00bb||||||||\u00bb header_3_font=\u00bbRoboto|500|||||||\u00bb header_3_text_color=\u00bb#000000&#8243; header_3_font_size=\u00bb4vh\u00bb header_3_line_height=\u00bb1.3em\u00bb custom_margin=\u00bb||0px||false|false\u00bb header_3_font_size_tablet=\u00bb20px\u00bb header_3_font_size_phone=\u00bb16px\u00bb header_3_font_size_last_edited=\u00bbon|desktop\u00bb locked=\u00bboff\u00bb global_colors_info=\u00bb{}\u00bb]<\/p>\n<h3>1962<\/h3>\n<p>[\/et_pb_text][et_pb_text _builder_version=\u00bb4.17.6&#8243; _module_preset=\u00bb7262e956-c376-4aa6-9642-c413f71527d0&#8243; text_font_size=\u00bb2vh\u00bb header_3_font_size=\u00bb4vh\u00bb header_font_size_tablet=\u00bb55px\u00bb header_font_size_last_edited=\u00bboff|desktop\u00bb header_3_font_size_tablet=\u00bb20px\u00bb header_3_font_size_phone=\u00bb16px\u00bb header_3_font_size_last_edited=\u00bbon|desktop\u00bb locked=\u00bboff\u00bb global_colors_info=\u00bb{}\u00bb]<\/p>\n<p><i><span>Con muchos colaboradores dio inicios al Colegio Santa Cruz y el 19 de marzo de 1962 iniciaron las clases en la peque\u00f1a escuela. Podr\u00eda decirse que era \u201c el hombre\u201d para emprendimiento de largo aliento que YA deb\u00eda iniciarse. Un\u00eda a sus convicciones, la capacidad de trabajo, la constancia, su coherencia y un perfil bajo. Bien pod\u00eda estar barriendo los pasillos o delante de la parrilla como jugando un truco o prendido a un picado<\/span><\/i><i><span>.\u00a0<\/span><\/i><\/p>\n<p><i><span>Cien a\u00f1os atr\u00e1s habr\u00eda sido impensable que la \u201cManzana Santa Cruz\u201d alguna vez pudiera ser reconocida como \u201cparroquia y\/o Colegio\u201d. Lo de \u201cMisionero pasionistas\u201d conjugaba 3 aspectos tan \u00edntimamente entrelazados \u2013\u00a0<\/span><\/i><b><i>espiritualidad, vida comunitaria y metodolog\u00eda itinerante<\/i><\/b><i><span>\u00a0que ped\u00eda una disponibilidad permanente- que exclu\u00eda del programa una parroquia y ni que decir de una escuela.\u00a0<\/span><\/i><i>\u00a0<\/i><\/p>\n<p><i><span>El crecimiento de la ciudad tra\u00eda nuevas demandas y ped\u00eda nuevas respuestas. (\u2026) el obispado pidi\u00f3 muchas veces \u201cparroquializar\u201d Santa Cruz. Sin embargo los misioneros resistieron hasta que despu\u00e9s del concilio Vaticano II accedieron a ese pedido.\u00a0<\/span><\/i><i>\u00a0<\/i><\/p>\n<p><i><span>En aquellos a\u00f1os se abri\u00f3 una discusi\u00f3n a nivel nacional en torno ala escuela laica o libre. El debate fue duro y, finalmente, desemboc\u00f3 en la aprobaci\u00f3n de la ley de ense\u00f1anza libre. Buena parte de la Iglesia Argentina se encolumn\u00f3 detr\u00e1s de esta causa. Parroquias y otras instituciones iniciaron la tarea de alcanzar la infraestructura indispensable para una escuela.\u00a0<\/span><\/i><\/p>\n<p><i><span>Quiz\u00e1 la esperanza de ofrecer a las familias una \u201ceducaci\u00f3n cat\u00f3lica\u201d, incluyendo la preparaci\u00f3n a los sacramentos dentro del horario escolar ayudar\u00eda a crear un \u201cclima\u201d favorable para la formaci\u00f3n cat\u00f3lica de los ni\u00f1os, que hasta entonces corr\u00eda por cuenta de las parroquias fuera del horario escolar.\u201d<\/span><\/i><\/p>\n<p>[\/et_pb_text][\/et_pb_column][et_pb_column type=\u00bb1_2&#8243; _builder_version=\u00bb4.16&#8243; _module_preset=\u00bbdefault\u00bb global_colors_info=\u00bb{}\u00bb][et_pb_text _builder_version=\u00bb4.18.0&#8243; _module_preset=\u00bb0c6bc8be-1265-496d-a8dc-bc5e9a9a9edf\u00bb text_font_size=\u00bb2vh\u00bb header_font=\u00bb||||||||\u00bb header_3_font=\u00bbRoboto|500|||||||\u00bb header_3_text_color=\u00bb#000000&#8243; header_3_font_size=\u00bb4vh\u00bb header_3_line_height=\u00bb1.3em\u00bb custom_margin=\u00bb||0px||false|false\u00bb header_3_font_size_tablet=\u00bb20px\u00bb header_3_font_size_phone=\u00bb16px\u00bb header_3_font_size_last_edited=\u00bbon|desktop\u00bb locked=\u00bboff\u00bb global_colors_info=\u00bb{}\u00bb]<\/p>\n<h3>1965<\/h3>\n<p>[\/et_pb_text][et_pb_text _builder_version=\u00bb4.17.6&#8243; _module_preset=\u00bb7262e956-c376-4aa6-9642-c413f71527d0&#8243; text_font_size=\u00bb2vh\u00bb header_3_font_size=\u00bb4vh\u00bb header_font_size_tablet=\u00bb55px\u00bb header_font_size_last_edited=\u00bboff|desktop\u00bb header_3_font_size_tablet=\u00bb20px\u00bb header_3_font_size_phone=\u00bb16px\u00bb header_3_font_size_last_edited=\u00bbon|desktop\u00bb locked=\u00bboff\u00bb global_colors_info=\u00bb{}\u00bb]<\/p>\n<p><i><span>En 1965 inici\u00f3 sus actividades educativas el nivel inicial <\/span><\/i><\/p>\n<p>[\/et_pb_text][et_pb_text _builder_version=\u00bb4.17.6&#8243; _module_preset=\u00bb0c6bc8be-1265-496d-a8dc-bc5e9a9a9edf\u00bb text_font_size=\u00bb2vh\u00bb header_font=\u00bb||||||||\u00bb header_3_font=\u00bbRoboto|500|||||||\u00bb header_3_text_color=\u00bb#000000&#8243; header_3_font_size=\u00bb4vh\u00bb header_3_line_height=\u00bb1.3em\u00bb custom_margin=\u00bb||0px||false|false\u00bb header_3_font_size_tablet=\u00bb20px\u00bb header_3_font_size_phone=\u00bb16px\u00bb header_3_font_size_last_edited=\u00bbon|desktop\u00bb locked=\u00bboff\u00bb global_colors_info=\u00bb{}\u00bb]<\/p>\n<h3>1969<\/h3>\n<p>[\/et_pb_text][et_pb_text _builder_version=\u00bb4.17.6&#8243; _module_preset=\u00bb7262e956-c376-4aa6-9642-c413f71527d0&#8243; text_font_size=\u00bb2vh\u00bb header_3_font_size=\u00bb4vh\u00bb header_font_size_tablet=\u00bb55px\u00bb header_font_size_last_edited=\u00bboff|desktop\u00bb header_3_font_size_tablet=\u00bb20px\u00bb header_3_font_size_phone=\u00bb16px\u00bb header_3_font_size_last_edited=\u00bbon|desktop\u00bb locked=\u00bboff\u00bb global_colors_info=\u00bb{}\u00bb]<\/p>\n<p><i><span>En 1969 empieza la primer cohorte de la escuela secundaria.<\/span><\/i><\/p>\n<p>[\/et_pb_text][et_pb_text _builder_version=\u00bb4.16&#8243; _module_preset=\u00bb0c6bc8be-1265-496d-a8dc-bc5e9a9a9edf\u00bb text_font_size=\u00bb2vh\u00bb header_font=\u00bb||||||||\u00bb header_3_font=\u00bbRoboto|500|||||||\u00bb header_3_text_color=\u00bb#000000&#8243; header_3_font_size=\u00bb4vh\u00bb header_3_line_height=\u00bb1.3em\u00bb custom_margin=\u00bb||0px||false|false\u00bb header_3_font_size_tablet=\u00bb20px\u00bb header_3_font_size_phone=\u00bb16px\u00bb header_3_font_size_last_edited=\u00bbon|desktop\u00bb locked=\u00bboff\u00bb global_colors_info=\u00bb{}\u00bb]<\/p>\n<h3>2013<\/h3>\n<p>[\/et_pb_text][et_pb_text _builder_version=\u00bb4.17.6&#8243; _module_preset=\u00bb7262e956-c376-4aa6-9642-c413f71527d0&#8243; text_font_size=\u00bb2vh\u00bb header_3_font_size=\u00bb4vh\u00bb header_font_size_tablet=\u00bb55px\u00bb header_font_size_last_edited=\u00bboff|desktop\u00bb header_3_font_size_tablet=\u00bb20px\u00bb header_3_font_size_phone=\u00bb16px\u00bb header_3_font_size_last_edited=\u00bbon|desktop\u00bb locked=\u00bboff\u00bb global_colors_info=\u00bb{}\u00bb]<\/p>\n<p><i><span>En 2013 el nivel primario comienza la jornada completa como propuesta educativa.<\/span><\/i><\/p>\n<p>[\/et_pb_text][et_pb_text _builder_version=\u00bb4.16&#8243; _module_preset=\u00bb0c6bc8be-1265-496d-a8dc-bc5e9a9a9edf\u00bb text_font_size=\u00bb2vh\u00bb header_font=\u00bb||||||||\u00bb header_3_font=\u00bbRoboto|500|||||||\u00bb header_3_text_color=\u00bb#000000&#8243; header_3_font_size=\u00bb4vh\u00bb header_3_line_height=\u00bb1.3em\u00bb custom_margin=\u00bb||0px||false|false\u00bb header_3_font_size_tablet=\u00bb20px\u00bb header_3_font_size_phone=\u00bb16px\u00bb header_3_font_size_last_edited=\u00bbon|desktop\u00bb locked=\u00bboff\u00bb global_colors_info=\u00bb{}\u00bb]<\/p>\n<h3>2014<\/h3>\n<p>[\/et_pb_text][et_pb_text _builder_version=\u00bb4.17.6&#8243; _module_preset=\u00bb7262e956-c376-4aa6-9642-c413f71527d0&#8243; text_font_size=\u00bb2vh\u00bb header_3_font_size=\u00bb4vh\u00bb header_font_size_tablet=\u00bb55px\u00bb header_font_size_last_edited=\u00bboff|desktop\u00bb header_3_font_size_tablet=\u00bb20px\u00bb header_3_font_size_phone=\u00bb16px\u00bb header_3_font_size_last_edited=\u00bbon|desktop\u00bb locked=\u00bboff\u00bb global_colors_info=\u00bb{}\u00bb]<\/p>\n<p><i><span>En 2014 inicia la transformaci\u00f3n del nivel medio con la Nueva Escuela Secundaria cambiando as\u00ed\u00a0 el antiguo plan de estudios.<\/span><\/i><\/p>\n<p>[\/et_pb_text][\/et_pb_column][\/et_pb_row][\/et_pb_section][et_pb_section fb_built=\u00bb1&#8243; admin_label=\u00bbFooter\u00bb _builder_version=\u00bb4.18.0&#8243; _module_preset=\u00bbdefault\u00bb background_color=\u00bb#000000&#8243; positioning=\u00bbnone\u00bb vertical_offset=\u00bb1000px\u00bb height=\u00bb100%\u00bb custom_margin=\u00bb0px|0px|0px|0px|true|true\u00bb custom_padding=\u00bb0px|0px|0px|0px|true|true\u00bb locked=\u00bboff\u00bb global_colors_info=\u00bb{}\u00bb][et_pb_row column_structure=\u00bb1_4,1_4,1_4,1_4&#8243; use_custom_gutter=\u00bbon\u00bb gutter_width=\u00bb1&#8243; make_equal=\u00bbon\u00bb _builder_version=\u00bb4.18.0&#8243; _module_preset=\u00bbdefault\u00bb background_color=\u00bbRGBA(255,255,255,0)\u00bb positioning=\u00bbnone\u00bb z_index=\u00bb0&#8243; max_width=\u00bb100vw\u00bb custom_margin=\u00bb0px||0px||true|true\u00bb custom_padding=\u00bb0px||0px||true|true\u00bb locked=\u00bboff\u00bb global_colors_info=\u00bb{}\u00bb][et_pb_column type=\u00bb1_4&#8243; _builder_version=\u00bb4.16&#8243; _module_preset=\u00bbdefault\u00bb background_color=\u00bb#F5C966&#8243; background_image=\u00bbhttps:\/\/institutosantacruz.edu.ar\/wp-content\/uploads\/2022\/08\/high-school_17.png\u00bb background_size=\u00bbinitial\u00bb background_position=\u00bbtop_right\u00bb background_repeat=\u00bbrepeat-y\u00bb custom_padding=\u00bb3vh||3vh|1vw|true|false\u00bb custom_padding_tablet=\u00bb40px||40px||true|false\u00bb custom_padding_phone=\u00bb30px|20px|30px|20px|true|true\u00bb custom_padding_last_edited=\u00bboff|desktop\u00bb global_colors_info=\u00bb{}\u00bb][et_pb_text _builder_version=\u00bb4.17.6&#8243; _module_preset=\u00bb5c989a74-8649-4b9a-a4a2-6d2b8ae2551c\u00bb text_font_size=\u00bb0.8vw\u00bb text_line_height=\u00bb2.2vh\u00bb header_4_font=\u00bbRoboto|700||on|||||\u00bb header_4_text_color=\u00bbrgba(255,255,255,0.5)\u00bb header_4_font_size=\u00bb0.6vw\u00bb header_4_letter_spacing=\u00bb3px\u00bb header_4_line_height=\u00bb2.2vh\u00bb custom_margin=\u00bb||0px||false|false\u00bb custom_margin_tablet=\u00bb30px||||false|false\u00bb custom_margin_phone=\u00bb20px||||false|false\u00bb custom_margin_last_edited=\u00bboff|desktop\u00bb text_font_size_tablet=\u00bb15px\u00bb text_font_size_phone=\u00bb14px\u00bb text_font_size_last_edited=\u00bbon|desktop\u00bb locked=\u00bboff\u00bb global_colors_info=\u00bb{}\u00bb]<\/p>\n<h4>Horario de atenci\u00f3n<\/h4>\n<p>[\/et_pb_text][et_pb_text _builder_version=\u00bb4.17.6&#8243; _module_preset=\u00bbc2a3d585-c259-4e5a-8faa-710c0e634348&#8243; text_font=\u00bbRoboto|500|||||||\u00bb text_text_color=\u00bb#FFFFFF\u00bb text_font_size=\u00bb0.8vw\u00bb text_line_height=\u00bb2.2vh\u00bb header_4_font_size=\u00bb0.6vw\u00bb header_4_line_height=\u00bb2.2vh\u00bb header_5_text_color=\u00bb#FFFFFF\u00bb header_5_line_height=\u00bb1.8em\u00bb text_font_size_tablet=\u00bb15px\u00bb text_font_size_phone=\u00bb14px\u00bb text_font_size_last_edited=\u00bbon|desktop\u00bb header_font_size_tablet=\u00bb55px\u00bb header_font_size_last_edited=\u00bboff|desktop\u00bb locked=\u00bboff\u00bb global_colors_info=\u00bb{}\u00bb]<\/p>\n<p>Lunes a Viernes: 8hs &#8211; 15hs<\/p>\n<p>[\/et_pb_text][\/et_pb_column][et_pb_column type=\u00bb1_4&#8243; _builder_version=\u00bb4.16&#8243; _module_preset=\u00bbdefault\u00bb background_color=\u00bb#F7827E\u00bb background_image=\u00bbhttps:\/\/institutosantacruz.edu.ar\/wp-content\/uploads\/2022\/08\/high-school_17.png\u00bb background_size=\u00bbinitial\u00bb background_position=\u00bbtop_right\u00bb background_repeat=\u00bbrepeat-y\u00bb custom_padding=\u00bb3vh||3vh|1vw|true|false\u00bb global_colors_info=\u00bb{}\u00bb][et_pb_text _builder_version=\u00bb4.17.6&#8243; _module_preset=\u00bb5c989a74-8649-4b9a-a4a2-6d2b8ae2551c\u00bb text_font_size=\u00bb0.8vw\u00bb text_line_height=\u00bb2.2vh\u00bb header_4_font=\u00bbRoboto|700||on|||||\u00bb header_4_text_color=\u00bbrgba(255,255,255,0.5)\u00bb header_4_font_size=\u00bb0.6vw\u00bb header_4_letter_spacing=\u00bb3px\u00bb header_4_line_height=\u00bb2.2vh\u00bb custom_margin=\u00bb||0px||false|false\u00bb text_font_size_tablet=\u00bb15px\u00bb text_font_size_phone=\u00bb14px\u00bb text_font_size_last_edited=\u00bbon|desktop\u00bb locked=\u00bboff\u00bb global_colors_info=\u00bb{}\u00bb]<\/p>\n<h4>Direcci\u00f3n<\/h4>\n<p>[\/et_pb_text][et_pb_text _builder_version=\u00bb4.18.0&#8243; _module_preset=\u00bbc2a3d585-c259-4e5a-8faa-710c0e634348&#8243; text_font=\u00bbRoboto|500|||||||\u00bb text_text_color=\u00bb#FFFFFF\u00bb text_font_size=\u00bb0.8vw\u00bb text_line_height=\u00bb2.2vh\u00bb header_4_font_size=\u00bb0.6vw\u00bb header_4_line_height=\u00bb2.2vh\u00bb header_5_text_color=\u00bb#FFFFFF\u00bb header_5_line_height=\u00bb1.8em\u00bb text_font_size_tablet=\u00bb15px\u00bb text_font_size_phone=\u00bb14px\u00bb text_font_size_last_edited=\u00bbon|desktop\u00bb header_font_size_tablet=\u00bb55px\u00bb header_font_size_last_edited=\u00bboff|desktop\u00bb locked=\u00bboff\u00bb global_colors_info=\u00bb{}\u00bb]<\/p>\n<p>24 de Noviembre 900 &#8211; C.A.B.A.<\/p>\n<p>Buenos Aires. &#8211; Argentina<\/p>\n<p>[\/et_pb_text][\/et_pb_column][et_pb_column type=\u00bb1_4&#8243; _builder_version=\u00bb4.18.0&#8243; _module_preset=\u00bbdefault\u00bb background_color=\u00bb#1F3FA8&#8243; background_image=\u00bbhttps:\/\/institutosantacruz.edu.ar\/wp-content\/uploads\/2022\/08\/high-school_17.png\u00bb background_size=\u00bbinitial\u00bb background_position=\u00bbtop_right\u00bb background_repeat=\u00bbrepeat-y\u00bb custom_padding=\u00bb3vh||3vh|1vw|true|false\u00bb global_colors_info=\u00bb{}\u00bb][et_pb_text _builder_version=\u00bb4.18.0&#8243; _module_preset=\u00bb5c989a74-8649-4b9a-a4a2-6d2b8ae2551c\u00bb text_font_size=\u00bb0.8vw\u00bb text_line_height=\u00bb2.2vh\u00bb header_4_font=\u00bbRoboto|700||on|||||\u00bb header_4_text_color=\u00bbrgba(255,255,255,0.5)\u00bb header_4_font_size=\u00bb0.6vw\u00bb header_4_line_height=\u00bb2.2vh\u00bb custom_margin=\u00bb0px||0px||false|false\u00bb custom_padding=\u00bb0px||0px||false|false\u00bb text_font_size_tablet=\u00bb15px\u00bb text_font_size_phone=\u00bb14px\u00bb text_font_size_last_edited=\u00bbon|desktop\u00bb locked=\u00bboff\u00bb global_colors_info=\u00bb{}\u00bb]<\/p>\n<h4>Email<\/h4>\n<p>[\/et_pb_text][et_pb_text _builder_version=\u00bb4.18.0&#8243; _module_preset=\u00bbc2a3d585-c259-4e5a-8faa-710c0e634348&#8243; text_font=\u00bbRoboto|500|||||||\u00bb text_text_color=\u00bb#FFFFFF\u00bb text_font_size=\u00bb0.8vw\u00bb text_line_height=\u00bb2.2vh\u00bb link_text_color=\u00bb#FFFFFF\u00bb header_5_text_color=\u00bb#FFFFFF\u00bb header_5_font_size=\u00bb0px\u00bb header_5_line_height=\u00bb0em\u00bb text_font_size_tablet=\u00bb15px\u00bb text_font_size_phone=\u00bb14px\u00bb text_font_size_last_edited=\u00bbon|desktop\u00bb header_font_size_tablet=\u00bb55px\u00bb header_font_size_last_edited=\u00bboff|desktop\u00bb locked=\u00bboff\u00bb global_colors_info=\u00bb{}\u00bb]<\/p>\n<p><a href=\"mailto:nivel.inicial@institutosantacruz.edu.ar\">nivel.inicial@institutosantacruz.edu.ar<\/a><\/p>\n<p><a href=\"mailto:nivel.primario@institutosantacruz.edu.ar\">nivel.primario@institutosantacruz.edu.ar<\/a><\/p>\n<p><a href=\"mailto:nivel.medio@institutosantacruz.edu.ar\">nivel.medio@institutosantacruz.edu.ar<\/a><\/p>\n<p><a href=\"mailto:administracion@instituto\">administracion@institutosantacruz.edu.ar<\/a><\/p>\n<p>[\/et_pb_text][\/et_pb_column][et_pb_column type=\u00bb1_4&#8243; _builder_version=\u00bb4.16&#8243; _module_preset=\u00bbdefault\u00bb background_color=\u00bb#62acac\u00bb background_image=\u00bbhttps:\/\/institutosantacruz.edu.ar\/wp-content\/uploads\/2022\/08\/high-school_17.png\u00bb background_size=\u00bbinitial\u00bb background_position=\u00bbtop_right\u00bb background_repeat=\u00bbrepeat-y\u00bb custom_padding=\u00bb3vh||3vh|1vw|true|false\u00bb global_colors_info=\u00bb{}\u00bb][et_pb_text _builder_version=\u00bb4.17.6&#8243; _module_preset=\u00bb5c989a74-8649-4b9a-a4a2-6d2b8ae2551c\u00bb text_font_size=\u00bb0.8vw\u00bb text_line_height=\u00bb2.2vh\u00bb header_4_font=\u00bbRoboto|700||on|||||\u00bb header_4_text_color=\u00bbrgba(255,255,255,0.5)\u00bb header_4_font_size=\u00bb0.6vw\u00bb header_4_letter_spacing=\u00bb3px\u00bb header_4_line_height=\u00bb2.2vh\u00bb custom_margin=\u00bb||0px||false|false\u00bb custom_margin_last_edited=\u00bboff|desktop\u00bb text_font_size_tablet=\u00bb15px\u00bb text_font_size_phone=\u00bb14px\u00bb text_font_size_last_edited=\u00bbon|desktop\u00bb locked=\u00bboff\u00bb global_colors_info=\u00bb{}\u00bb]<\/p>\n<h4>Tel\u00e9fono<\/h4>\n<p>[\/et_pb_text][et_pb_text _builder_version=\u00bb4.17.6&#8243; _module_preset=\u00bbc2a3d585-c259-4e5a-8faa-710c0e634348&#8243; text_font=\u00bbRoboto|500|||||||\u00bb text_text_color=\u00bb#FFFFFF\u00bb text_font_size=\u00bb0.8vw\u00bb text_line_height=\u00bb2.2vh\u00bb link_text_color=\u00bb#FFFFFF\u00bb header_4_font_size=\u00bb0.6vw\u00bb header_4_line_height=\u00bb2.2vh\u00bb header_5_text_color=\u00bb#FFFFFF\u00bb header_5_line_height=\u00bb1.8em\u00bb text_font_size_tablet=\u00bb15px\u00bb text_font_size_phone=\u00bb14px\u00bb text_font_size_last_edited=\u00bbon|desktop\u00bb header_font_size_tablet=\u00bb55px\u00bb header_font_size_last_edited=\u00bboff|desktop\u00bb locked=\u00bboff\u00bb global_colors_info=\u00bb{}\u00bb]<\/p>\n<p><span>+54 11 7700 2210<\/span><\/p>\n<p>[\/et_pb_text][\/et_pb_column][\/et_pb_row][\/et_pb_section]<\/p>\n","protected":false},"excerpt":{"rendered":"<p>Nuestra\u00a0 \u00a0 \u00a0Historia\u00a0 \u00a0 \u00a0 \u00a0 \u00a0Pasionista &nbsp;Plataformas digitalesNuestro Fundador El Padre Carlos y el colegio Santa Cruz (s\u00edntesis de un escrito de Bernardo Hughes cp en ocasi\u00f3n de los 50 a\u00f1os del colegio) \u201cEn 1961 lleg\u00f3 el P. Carlos O\u00b4Leary a Santa Cruz. \u00bfQui\u00e9n era este religioso? Ten\u00eda en su haber la experiencia de [&hellip;]<\/p>\n","protected":false},"author":4,"featured_media":0,"parent":0,"menu_order":0,"comment_status":"closed","ping_status":"closed","template":"","meta":{"_et_pb_use_builder":"on","_et_pb_old_content":"","_et_gb_content_width":"","footnotes":""},"class_list":["post-3497","page","type-page","status-publish","hentry"],"_links":{"self":[{"href":"https:\/\/institutosantacruz.edu.ar\/index.php?rest_route=\/wp\/v2\/pages\/3497","targetHints":{"allow":["GET"]}}],"collection":[{"href":"https:\/\/institutosantacruz.edu.ar\/index.php?rest_route=\/wp\/v2\/pages"}],"about":[{"href":"https:\/\/institutosantacruz.edu.ar\/index.php?rest_route=\/wp\/v2\/types\/page"}],"author":[{"embeddable":true,"href":"https:\/\/institutosantacruz.edu.ar\/index.php?rest_route=\/wp\/v2\/users\/4"}],"replies":[{"embeddable":true,"href":"https:\/\/institutosantacruz.edu.ar\/index.php?rest_route=%2Fwp%2Fv2%2Fcomments&post=3497"}],"version-history":[{"count":59,"href":"https:\/\/institutosantacruz.edu.ar\/index.php?rest_route=\/wp\/v2\/pages\/3497\/revisions"}],"predecessor-version":[{"id":4224,"href":"https:\/\/institutosantacruz.edu.ar\/index.php?rest_route=\/wp\/v2\/pages\/3497\/revisions\/4224"}],"wp:attachment":[{"href":"https:\/\/institutosantacruz.edu.ar\/index.php?rest_route=%2Fwp%2Fv2%2Fmedia&parent=3497"}],"curies":[{"name":"wp","href":"https:\/\/api.w.org\/{rel}","templated":true}]}}